{"id":1034,"date":"2024-11-18T14:52:32","date_gmt":"2024-11-18T13:52:32","guid":{"rendered":"https:\/\/yucca-palm.com\/politica-de-privacidad-copy\/"},"modified":"2024-11-19T22:42:48","modified_gmt":"2024-11-19T21:42:48","slug":"politica-de-privacidad","status":"publish","type":"page","link":"https:\/\/yucca-palm.com\/fr\/politique-de-confidentialite\/","title":{"rendered":"Politique de confidentialit\u00e9"},"content":{"rendered":"<h1 class=\"wp-block-heading\"><strong>Politique de confidentialit\u00e9<\/strong><\/h1>\r\n<ol>\r\n<li><strong>INFORMATIONS SUR L'UTILISATEUR<\/strong><\/li>\r\n<\/ol>\r\n<p>La pr\u00e9sente politique de protection de la vie priv\u00e9e exprime l'engagement de\u00a0<strong>AGRICOLA MAURO SL <\/strong>en ce qui concerne la confidentialit\u00e9 et la protection des donn\u00e9es que nous traitons, en garantissant aux utilisateurs, entre autres, que (i) \u00e0 tout moment, ils peuvent exercer tous les droits qui leur reviennent conform\u00e9ment \u00e0 la r\u00e9glementation applicable ; (ii) nous respecterons l'obligation de secret et de confidentialit\u00e9 des donn\u00e9es personnelles collect\u00e9es, et que nous ne les communiquerons pas \u00e0 des tiers sans leur consentement ; (iii) nous avons adopt\u00e9 les mesures techniques et organisationnelles n\u00e9cessaires.<\/p>\r\n<p>&nbsp;<\/p>\r\n<p><strong>Qui est responsable du traitement de vos donn\u00e9es personnelles ?<\/strong><\/p>\r\n<p><strong>AGRICOLA MAURO SL <\/strong>est le CONTR\u00d4LEUR du traitement des donn\u00e9es \u00e0 caract\u00e8re personnel de l'UTILISATEUR et informe l'UTILISATEUR que ces donn\u00e9es seront trait\u00e9es conform\u00e9ment aux dispositions du r\u00e8glement relatif \u00e0 la protection des personnes physiques \u00e0 l'\u00e9gard du traitement des donn\u00e9es \u00e0 caract\u00e8re personnel et \u00e0 la libre circulation de ces donn\u00e9es, et abrogeant la directive 95\/46\/CE (ci-apr\u00e8s d\u00e9nomm\u00e9 \"r\u00e8glement relatif \u00e0 la protection des donn\u00e9es\").\u00a0<strong>GDPR<\/strong>), et la loi organique 3\/2018, du 5 d\u00e9cembre, relative \u00e0 la protection des donn\u00e9es \u00e0 caract\u00e8re personnel et \u00e0 la garantie des droits num\u00e9riques (ci-apr\u00e8s d\u00e9nomm\u00e9e\u00a0<strong>LOPDGDD<\/strong>).<\/p>\r\n<p><strong>Comment traitons-nous vos donn\u00e9es personnelles ?<\/strong><\/p>\r\n<p>Nous nous engageons \u00e0 traiter correctement vos donn\u00e9es personnelles et nous les traiterons toujours en cons\u00e9quence :<\/p>\r\n<p>- C'est ainsi que\u00a0<strong>l\u00e9gale, \u00e9quitable et transparente.<\/strong><\/p>\r\n<p>-\u00a0<strong>Pour des raisons pr\u00e9cises, explicites et l\u00e9gitimes.<\/strong><\/p>\r\n<p>-\u00a0<strong>Ad\u00e9quat, pertinent et limit\u00e9<\/strong>\u00a0\u00e0 ce qui est n\u00e9cessaire au regard de l'objectif poursuivi.<\/p>\r\n<p>-\u00a0<strong>Pr\u00e9cision et mise \u00e0 jour.<\/strong><\/p>\r\n<p>- Pendant le temps n\u00e9cessaire \u00e0 la\u00a0<strong>r\u00e9alisation de l'objectif<\/strong>\u00a0par lesquels ils ont \u00e9t\u00e9 collect\u00e9s.<\/p>\r\n<p>- C'est ainsi que\u00a0<strong>complet et confidentiel<\/strong>.<\/p>\r\n<p>&nbsp;<\/p>\r\n<p><strong>Pourquoi traitons-nous vos donn\u00e9es personnelles ?<\/strong><\/p>\r\n<p>Les donn\u00e9es \u00e0 caract\u00e8re personnel que nous collectons sont toujours ad\u00e9quates, pertinentes et limit\u00e9es par rapport aux finalit\u00e9s explicites pour lesquelles elles ont \u00e9t\u00e9 collect\u00e9es. En particulier, nous traiterons vos donn\u00e9es \u00e0 caract\u00e8re personnel aux fins suivantes :<\/p>\r\n<ul>\r\n<li>Fourniture, maintenance et facturation du service contract\u00e9.<\/li>\r\n<li>Pour communiquer avec vous afin de r\u00e9pondre \u00e0 vos demandes.<\/li>\r\n<li>Traitement et livraison des produits contract\u00e9s.<\/li>\r\n<li>Envoi du bulletin d'information et d'autres communications informatives et\/ou de courtoisie.<\/li>\r\n<li>Am\u00e9liorer nos produits et services en identifiant les tendances en mati\u00e8re d'utilisation, de provenance ou de sp\u00e9cialit\u00e9, entre autres crit\u00e8res.<\/li>\r\n<li>G\u00e9rer nos profils officiels sur les r\u00e9seaux sociaux, en traitant les donn\u00e9es personnelles uniquement pour s'occuper des interactions qui peuvent exister dans chaque r\u00e9seau social.<\/li>\r\n<\/ul>\r\n<p>&nbsp;<\/p>\r\n<p><strong>Quelles sont les donn\u00e9es personnelles que nous traitons ?<\/strong><\/p>\r\n<p>Nous ne traiterons que les donn\u00e9es strictement n\u00e9cessaires et essentielles aux fins pour lesquelles elles ont \u00e9t\u00e9 collect\u00e9es. Le site Web traite les donn\u00e9es suivantes :<\/p>\r\n<ul>\r\n<li><u>Donn\u00e9es d'identification :<\/u>les donn\u00e9es de base qui nous permettent d'identifier, de contacter, de g\u00e9rer et d'envoyer le produit \u00e0 l'utilisateur, telles que ses nom et pr\u00e9nom, sa date de naissance, son num\u00e9ro de t\u00e9l\u00e9phone, son adresse \u00e9lectronique ou son adresse.<\/li>\r\n<li><u>Donn\u00e9es de facturation :<\/u>ceux qui sont n\u00e9cessaires pour pouvoir facturer le contrat.<\/li>\r\n<li><u>Messages :<\/u>champ de texte libre dans lequel l'utilisateur peut formuler les questions qu'il juge appropri\u00e9es.<\/li>\r\n<li><u>Donn\u00e9es de connexion et cookies :<\/u>des informations relatives \u00e0 votre connexion au site Web, telles que les cookies ou l'adresse IP. Pour plus d'informations sur les cookies, veuillez consulter notre\u00a0<u>Politique en mati\u00e8re de cookies.<\/u><\/li>\r\n<\/ul>\r\n<p>&nbsp;<\/p>\r\n<p><strong>Quelle est l'origine des donn\u00e9es ?<\/strong><\/p>\r\n<p>Vous nous avez fourni vos donn\u00e9es personnelles directement \u00e0 travers l'un des formulaires ou canaux de communication pr\u00e9vus \u00e0 cet effet. Dans chaque formulaire, ou dans le canal correspondant, les donn\u00e9es personnelles demand\u00e9es sont celles qui sont n\u00e9cessaires et essentielles \u00e0 la r\u00e9alisation de la finalit\u00e9 pour laquelle elles ont \u00e9t\u00e9 collect\u00e9es, que vous trouverez indiqu\u00e9e dans la premi\u00e8re couche informative.<\/p>\r\n<p>Il est tr\u00e8s important que toutes les informations que vous nous fournissez soient correctes, compl\u00e8tes, pr\u00e9cises et \u00e0 jour, afin que nous puissions ex\u00e9cuter, g\u00e9rer ou traiter correctement votre demande.<\/p>\r\n<p>&nbsp;<\/p>\r\n<p><strong>Pourquoi pouvons-nous traiter vos donn\u00e9es personnelles ?<\/strong><\/p>\r\n<p>Tout traitement de donn\u00e9es \u00e0 caract\u00e8re personnel sera l\u00e9gitim\u00e9 par l'article 6 du GDPR comme suit :<\/p>\r\n<ul>\r\n<li>Avec votre CONSENTEMENT, tel que celui existant dans les diff\u00e9rents formulaires du site Web.<\/li>\r\n<li>Dans certains cas, pour l'int\u00e9r\u00eat l\u00e9gitime de la PARTIE RESPONSABLE.<\/li>\r\n<li>Pour l'ex\u00e9cution d'un contrat ou d'une relation pr\u00e9contractuelle entre l'Utilisateur et le TITULAIRE DE RESPONSABILIT\u00c9, par exemple, pour effectuer tout achat de produits sur le site web.<\/li>\r\n<li>Conform\u00e9ment \u00e0 nos obligations l\u00e9gales.<\/li>\r\n<\/ul>\r\n<p>&nbsp;<\/p>\r\n<p><strong>Combien de temps conserverons-nous vos donn\u00e9es personnelles ?<\/strong><\/p>\r\n<p>Conform\u00e9ment au principe de limitation de la dur\u00e9e de conservation, vos donn\u00e9es personnelles seront conserv\u00e9es pendant une dur\u00e9e n'exc\u00e9dant pas celle n\u00e9cessaire \u00e0 la r\u00e9alisation de la finalit\u00e9 du traitement, ou aussi longtemps que vous ne demanderez pas leur suppression ou que vous ne r\u00e9voquerez pas, le cas \u00e9ch\u00e9ant, votre consentement. Les donn\u00e9es \u00e0 caract\u00e8re personnel peuvent \u00e9galement \u00eatre conserv\u00e9es pendant la dur\u00e9e n\u00e9cessaire au respect des obligations l\u00e9gales et des responsabilit\u00e9s \u00e9ventuelles qui peuvent en d\u00e9couler et qui, dans chaque cas, correspondent \u00e0 chaque cat\u00e9gorie de donn\u00e9es.\u00a0<\/p>\r\n<p><strong>\u00c0 qui fournissons-nous vos donn\u00e9es personnelles ?<\/strong><\/p>\r\n<p>Aucune communication de donn\u00e9es personnelles \u00e0 des tiers n'est pr\u00e9vue, sauf, le cas \u00e9ch\u00e9ant, au reste des entreprises du groupe, et aux prestataires de services li\u00e9s aux communications, au transport et \u00e0 d'autres services similaires pour le d\u00e9veloppement et l'ex\u00e9cution des finalit\u00e9s du traitement, avec lesquels le RESPONSABLE a sign\u00e9 les contrats de confidentialit\u00e9 et de responsable du traitement requis par la r\u00e9glementation en vigueur en mati\u00e8re de protection de la vie priv\u00e9e.<\/p>\r\n<p>Ainsi, vos donn\u00e9es personnelles ne seront divulgu\u00e9es que dans les cas o\u00f9 cela est n\u00e9cessaire pour vous fournir et vous rendre le service, en particulier :<\/p>\r\n<p>- Les fournisseurs de services d'information pour la maintenance et le d\u00e9veloppement des services que nous offrons.<\/p>\r\n<p>- Prestataires de transport, pour l'exp\u00e9dition des produits command\u00e9s.<\/p>\r\n<p>- Fournisseurs de passerelles de paiement pour les achats en ligne.<\/p>\r\n<p>- Fournisseurs li\u00e9s au marketing, \u00e0 la publicit\u00e9 ou aux services de m\u00e9dias sociaux qui nous aident dans le marketing, la publicit\u00e9 et l'analyse des services que nous offrons.<\/p>\r\n<p>Comme indiqu\u00e9 ci-dessus, vos donn\u00e9es personnelles peuvent \u00e9galement \u00eatre divulgu\u00e9es aux autorit\u00e9s comp\u00e9tentes ou conform\u00e9ment aux lois et r\u00e8glements applicables.<\/p>\r\n<p>&nbsp;<\/p>\r\n<p><strong>Quels sont vos droits ?<\/strong><\/p>\r\n<p><strong>Vous pouvez exercer, gratuitement et dans la mesure o\u00f9 les conditions l\u00e9gales sont remplies, les droits suivants :<\/strong><\/p>\r\n<ul>\r\n<li>Droit d'acc\u00e8s : Vous avez le droit d'obtenir des informations sur les donn\u00e9es \u00e0 caract\u00e8re personnel vous concernant que nous traitons ou ne traitons pas, et d'y acc\u00e9der. Sur demande, nous vous fournirons une copie des donn\u00e9es \u00e0 caract\u00e8re personnel que nous traitons.<\/li>\r\n<li>Droit de rectification : vous avez le droit de rectifier vos donn\u00e9es personnelles qui sont inexactes ou incompl\u00e8tes, ou de faire compl\u00e9ter les donn\u00e9es incompl\u00e8tes.<\/li>\r\n<li>Droit d'effacement : vous pouvez demander l'effacement de vos donn\u00e9es lorsque, entre autres circonstances, elles ne sont plus n\u00e9cessaires aux fins pour lesquelles elles ont \u00e9t\u00e9 collect\u00e9es ou trait\u00e9es d'une autre mani\u00e8re.<\/li>\r\n<li>Droit \u00e0 la limitation du traitement : vous avez le droit de faire limiter le traitement de vos donn\u00e9es dans certaines circonstances pr\u00e9vues par la l\u00e9gislation sur la protection des donn\u00e9es.<\/li>\r\n<li>Droit \u00e0 la portabilit\u00e9 des donn\u00e9es : vous avez le droit de recevoir vos donn\u00e9es \u00e0 caract\u00e8re personnel dans un format structur\u00e9, couramment utilis\u00e9 et lisible par machine, et de les transmettre \u00e0 une autre entit\u00e9.<\/li>\r\n<li>Droit d'opposition : Dans certaines situations, vous pouvez vous opposer \u00e0 certains traitements pour des raisons tenant \u00e0 votre situation particuli\u00e8re, y compris le profilage. Vous pouvez vous opposer \u00e0 tout moment au traitement de vos donn\u00e9es \u00e0 caract\u00e8re personnel \u00e0 des fins de marketing direct.<\/li>\r\n<li>Droit de retirer votre consentement : vous pouvez retirer votre consentement \u00e0 tout traitement \u00e0 tout moment, mais ce retrait n'affectera pas la l\u00e9galit\u00e9 du traitement fond\u00e9 sur le consentement pr\u00e9c\u00e9demment donn\u00e9.<\/li>\r\n<li>Le droit d'introduire une r\u00e9clamation aupr\u00e8s de l'autorit\u00e9 de contr\u00f4le (www.aepd.es) si vous estimez que le traitement n'est pas conforme \u00e0 la r\u00e9glementation en vigueur.<\/li>\r\n<\/ul>\r\n<p>&nbsp;<\/p>\r\n<p><strong>Coordonn\u00e9es pour l'exercice de vos droits :<\/strong><\/p>\r\n<ul>\r\n<li><strong>AGRICOLA MAURO SL<\/strong>Si\u00e8ge social : Calle ALFEREZ DIAZ SANCHIS N\u00ba 85 ATICO F 03339 ALICANTE, ou \u00e0 l'adresse yuccapalm7@gmail.com<\/li>\r\n<\/ul>\r\n<p>&nbsp;<\/p>\r\n<ol start=\"2\">\r\n<li><strong> LE CARACT\u00c8RE OBLIGATOIRE OU FACULTATIF DES INFORMATIONS FOURNIES PAR L'UTILISATEUR<\/strong><\/li>\r\n<\/ol>\r\n<p>L'UTILISATEUR, en cochant les cases correspondantes et en saisissant des donn\u00e9es dans les champs marqu\u00e9s d'un ast\u00e9risque (*) dans le formulaire de contact ou pr\u00e9sent\u00e9s dans les formulaires de t\u00e9l\u00e9chargement, accepte express\u00e9ment, librement et sans \u00e9quivoque que ses donn\u00e9es soient n\u00e9cessaires pour r\u00e9pondre \u00e0 sa demande, par le fournisseur, \u00e9tant volontaire l'inclusion de donn\u00e9es dans les champs restants. L'UTILISATEUR garantit que les donn\u00e9es personnelles fournies au RESPONSABLE sont v\u00e9ridiques et est responsable de la communication de tout changement les concernant.<\/p>\r\n<p>Le RESPONSABLE informe que toutes les donn\u00e9es demand\u00e9es par le biais du site web sont obligatoires, car elles sont n\u00e9cessaires \u00e0 la fourniture d'un service optimal \u00e0 l'UTILISATEUR. Si toutes les donn\u00e9es ne sont pas fournies, il n'est pas garanti que les informations et les services fournis seront parfaitement adapt\u00e9s \u00e0 vos besoins.<\/p>\r\n<p>&nbsp;<\/p>\r\n<ol start=\"3\">\r\n<li><strong> LES MESURES DE S\u00c9CURIT\u00c9<\/strong><\/li>\r\n<\/ol>\r\n<p>Que conform\u00e9ment aux dispositions de la r\u00e9glementation en vigueur en mati\u00e8re de protection des donn\u00e9es personnelles, le RESPONSABLE respecte l'ensemble des dispositions du RGPD et de la LOPDGDD pour les traitements de donn\u00e9es personnelles dont il a la charge, et manifestement les principes d\u00e9crits \u00e0 l'article 5 du RGPD, par lesquels elles sont trait\u00e9es de mani\u00e8re licite, loyale et transparente \u00e0 l'\u00e9gard de la personne concern\u00e9e et sont ad\u00e9quates, pertinentes et limit\u00e9es \u00e0 ce qui est n\u00e9cessaire au regard des finalit\u00e9s pour lesquelles elles sont trait\u00e9es.<\/p>\r\n<p>Le RESPONSABLE garantit qu'il a mis en \u0153uvre les politiques techniques et organisationnelles appropri\u00e9es pour appliquer les mesures de s\u00e9curit\u00e9 \u00e9tablies par le RGPD et la LOPDGDD afin de prot\u00e9ger les droits et libert\u00e9s des UTILISATEURS et qu'il leur a fourni les informations appropri\u00e9es pour qu'ils puissent les exercer.<\/p>\r\n<p>La PARTIE RESPONSABLE peut modifier la pr\u00e9sente politique \u00e0 tout moment, en indiquant la date de sa derni\u00e8re mise \u00e0 jour. En cas de modifications importantes, elle s'efforcera d'en avertir l'UTILISATEUR dans la mesure du possible.<\/p>\r\n<ul>\r\n<li>Pour plus d'informations sur les garanties de confidentialit\u00e9, vous pouvez contacter le RESPONSABLE : AGRICOLA MAURO SL Adresse : Calle ALFEREZ DIAZ SANCHIS N\u00ba 85 ATICO F 03339 ALICANTE<\/li>\r\n<\/ul>\r\n<p>&nbsp;<\/p>\r\n<p><strong>Date de mise \u00e0 jour<\/strong>DATE D'ENTR\u00c9E EN VIGUEUR : NOVEMBRE 2024<\/p>\r\n<p>&nbsp;<\/p>","protected":false},"excerpt":{"rendered":"<p>Pol\u00edtica de privacidad INFORMACI\u00d3N AL USUARIO La presente Pol\u00edtica de Privacidad expresa el compromiso de\u00a0AGRICOLA MAURO SL respecto a la privacidad y la protecci\u00f3n de datos que tratamos, garantizando a los Usuarios, entre otras cosas, que (i) en cualquier momento, podr\u00e1 ejercer cualquiera de los derechos que le corresponden de acuerdo con la normativa aplicable; [&hellip;]<\/p>\n","protected":false},"author":4,"featured_media":0,"parent":0,"menu_order":0,"comment_status":"closed","ping_status":"closed","template":"","meta":{"footnotes":""},"class_list":["post-1034","page","type-page","status-publish","hentry"],"_links":{"self":[{"href":"https:\/\/yucca-palm.com\/fr\/wp-json\/wp\/v2\/pages\/1034","targetHints":{"allow":["GET"]}}],"collection":[{"href":"https:\/\/yucca-palm.com\/fr\/wp-json\/wp\/v2\/pages"}],"about":[{"href":"https:\/\/yucca-palm.com\/fr\/wp-json\/wp\/v2\/types\/page"}],"author":[{"embeddable":true,"href":"https:\/\/yucca-palm.com\/fr\/wp-json\/wp\/v2\/users\/4"}],"replies":[{"embeddable":true,"href":"https:\/\/yucca-palm.com\/fr\/wp-json\/wp\/v2\/comments?post=1034"}],"version-history":[{"count":5,"href":"https:\/\/yucca-palm.com\/fr\/wp-json\/wp\/v2\/pages\/1034\/revisions"}],"predecessor-version":[{"id":1053,"href":"https:\/\/yucca-palm.com\/fr\/wp-json\/wp\/v2\/pages\/1034\/revisions\/1053"}],"wp:attachment":[{"href":"https:\/\/yucca-palm.com\/fr\/wp-json\/wp\/v2\/media?parent=1034"}],"curies":[{"name":"wp","href":"https:\/\/api.w.org\/{rel}","templated":true}]}}